{"id":6,"date":"2017-09-15T13:56:41","date_gmt":"2017-09-15T11:56:41","guid":{"rendered":"http:\/\/develop.lindenriek.de\/?page_id=6"},"modified":"2025-08-18T14:57:09","modified_gmt":"2025-08-18T12:57:09","slug":"startseite","status":"publish","type":"page","link":"https:\/\/www.lindenriek.de\/tagespflege\/","title":{"rendered":"Startseite"},"content":{"rendered":"<p><div class=\"fusion-fullwidth fullwidth-box fusion-builder-row-1 fusion-flex-container has-pattern-background has-mask-background nonhundred-percent-fullwidth non-hundred-percent-height-scrolling\" style=\"--awb-border-radius-top-left:0px;--awb-border-radius-top-right:0px;--awb-border-radius-bottom-right:0px;--awb-border-radius-bottom-left:0px;--awb-flex-wrap:wrap;\" ><div class=\"fusion-builder-row fusion-row fusion-flex-align-items-flex-start fusion-flex-content-wrap\" style=\"max-width:1456px;margin-left: calc(-4% \/ 2 );margin-right: calc(-4% \/ 2 );\"><div class=\"fusion-layout-column fusion_builder_column fusion-builder-column-0 fusion_builder_column_2_3 2_3 fusion-flex-column\" style=\"--awb-bg-size:cover;--awb-width-large:66.666666666667%;--awb-margin-top-large:0px;--awb-spacing-right-large:2.88%;--awb-margin-bottom-large:0px;--awb-spacing-left-large:2.88%;--awb-width-medium:66.666666666667%;--awb-order-medium:0;--awb-spacing-right-medium:2.88%;--awb-spacing-left-medium:2.88%;--awb-width-small:100%;--awb-order-small:0;--awb-spacing-right-small:1.92%;--awb-spacing-left-small:1.92%;\"><div class=\"fusion-column-wrapper fusion-column-has-shadow fusion-flex-justify-content-flex-start fusion-content-layout-column\"><div class=\"fusion-title title fusion-title-1 fusion-sep-none fusion-title-text fusion-title-size-one\"><h1 class=\"fusion-title-heading title-heading-left fusion-responsive-typography-calculated\" style=\"margin:0;--fontSize:35;line-height:1.5;\">Ihre Einrichtung f\u00fcr Tagespflege in Burgwedel<\/h1><\/div><div class=\"fusion-text fusion-text-1\"><p>Unsere Tagespflege Lindenriek bietet Menschen, die aufgrund von Alter, Demenz oder Pflegebed\u00fcrftigkeit eingeschr\u00e4nkt sind, ein zweites Zuhause, das sie tags\u00fcber besuchen k\u00f6nnen. Mit dem Ziel, das selbstbestimmte und selbstst\u00e4ndige Leben zu erhalten und pflegende Angeh\u00f6rige zu unterst\u00fctzen, stehen wir Ihnen in unserer Einrichtung mit Betreuung und aktivierender Pflege zur Seite.<\/p>\n<p>Die Tagespflege zeichnet sich durch ihren modernen, im Jahr 2021 neu gebauten Standort in Kleinburgwedel aus und bietet neben den hellen und barrierefreien Bereichen im Haus einen gro\u00dfen gesch\u00fctzen Garten.<\/p>\n<p>In Gesellschaft erleben unsere G\u00e4ste bei uns den Tag. Um das leibliche Wohl wird sich gek\u00fcmmert und viele Gruppenangebote laden zum Mitmachen ein. Durch gezielte Betreuung bleiben die F\u00e4higkeiten und Kr\u00e4fte erhalten und werden gef\u00f6rdert. Unsere G\u00e4ste finden immer ein offenes Ohr f\u00fcr ihre Probleme oder W\u00fcnsche und regelm\u00e4\u00dfige Veranstaltungen und Feste sorgen f\u00fcr Spa\u00df und Freude und bringen Abwechslung in den Alltag.<\/p>\n<p>F\u00fcr unsere qualifizierten Mitarbeiterinnen und Mitarbeiter stehen die W\u00fcrde und der Respekt jedes einzelnen Gastes im Vordergrund und so k\u00f6nnen wir gemeinsam angenehme Stunden in liebevoller Atmosph\u00e4re erleben. Unser Fahrdienst holt Sie morgens zu Hause ab und f\u00e4hrt Sie nachmittags wieder zur\u00fcck.<\/p>\n<p>Besuchen Sie uns doch mal zu einem <b>kostenlosen und unverbindlichen Kennenlerntag<\/b>.<\/p>\n<p>Wir freuen uns auf Ihre Anfrage und Ihren Besuch.<\/p>\n<\/div><div class=\"fusion-image-element \" style=\"--awb-caption-title-font-family:var(--h2_typography-font-family);--awb-caption-title-font-weight:var(--h2_typography-font-weight);--awb-caption-title-font-style:var(--h2_typography-font-style);--awb-caption-title-size:var(--h2_typography-font-size);--awb-caption-title-transform:var(--h2_typography-text-transform);--awb-caption-title-line-height:var(--h2_typography-line-height);--awb-caption-title-letter-spacing:var(--h2_typography-letter-spacing);\"><span class=\" fusion-imageframe imageframe-none imageframe-1 hover-type-none\"><img decoding=\"async\" width=\"922\" height=\"614\" title=\"Tagespflege_aussen\" src=\"https:\/\/www.lindenriek.de\/tagespflege\/wp-content\/uploads\/2024\/10\/Tagespflege_aussen.jpg\" alt class=\"img-responsive wp-image-2404\" srcset=\"https:\/\/www.lindenriek.de\/tagespflege\/wp-content\/uploads\/2024\/10\/Tagespflege_aussen-200x133.jpg 200w, https:\/\/www.lindenriek.de\/tagespflege\/wp-content\/uploads\/2024\/10\/Tagespflege_aussen-400x266.jpg 400w, https:\/\/www.lindenriek.de\/tagespflege\/wp-content\/uploads\/2024\/10\/Tagespflege_aussen-600x400.jpg 600w, https:\/\/www.lindenriek.de\/tagespflege\/wp-content\/uploads\/2024\/10\/Tagespflege_aussen-800x533.jpg 800w, https:\/\/www.lindenriek.de\/tagespflege\/wp-content\/uploads\/2024\/10\/Tagespflege_aussen.jpg 922w\" sizes=\"(max-width: 640px) 100vw, 922px\" \/><\/span><\/div><\/div><\/div><div class=\"fusion-layout-column fusion_builder_column fusion-builder-column-1 fusion_builder_column_1_3 1_3 fusion-flex-column\" style=\"--awb-bg-size:cover;--awb-filter:brightness(113%);--awb-filter-transition:filter 0.3s ease;--awb-filter-hover:brightness(100%);--awb-width-large:33.333333333333%;--awb-margin-top-large:0px;--awb-spacing-right-large:5.76%;--awb-margin-bottom-large:0px;--awb-spacing-left-large:5.76%;--awb-width-medium:33.333333333333%;--awb-order-medium:0;--awb-spacing-right-medium:5.76%;--awb-spacing-left-medium:5.76%;--awb-width-small:100%;--awb-order-small:0;--awb-spacing-right-small:1.92%;--awb-spacing-left-small:1.92%;\"><div class=\"fusion-column-wrapper fusion-column-has-shadow fusion-flex-justify-content-flex-start fusion-content-layout-column\"><div class=\"fusion-image-element \" style=\"--awb-caption-title-font-family:var(--h2_typography-font-family);--awb-caption-title-font-weight:var(--h2_typography-font-weight);--awb-caption-title-font-style:var(--h2_typography-font-style);--awb-caption-title-size:var(--h2_typography-font-size);--awb-caption-title-transform:var(--h2_typography-text-transform);--awb-caption-title-line-height:var(--h2_typography-line-height);--awb-caption-title-letter-spacing:var(--h2_typography-letter-spacing);\"><span class=\" fusion-imageframe imageframe-none imageframe-2 hover-type-none\"><img decoding=\"async\" width=\"614\" height=\"849\" title=\"Tagespflege_ankommen\" src=\"https:\/\/www.lindenriek.de\/tagespflege\/wp-content\/uploads\/2024\/09\/Tagespflege_ankommen-1.jpg\" alt class=\"img-responsive wp-image-2337\" srcset=\"https:\/\/www.lindenriek.de\/tagespflege\/wp-content\/uploads\/2024\/09\/Tagespflege_ankommen-1-200x277.jpg 200w, https:\/\/www.lindenriek.de\/tagespflege\/wp-content\/uploads\/2024\/09\/Tagespflege_ankommen-1-400x553.jpg 400w, https:\/\/www.lindenriek.de\/tagespflege\/wp-content\/uploads\/2024\/09\/Tagespflege_ankommen-1-600x830.jpg 600w, https:\/\/www.lindenriek.de\/tagespflege\/wp-content\/uploads\/2024\/09\/Tagespflege_ankommen-1.jpg 614w\" sizes=\"(max-width: 640px) 100vw, 600px\" \/><\/span><\/div><div class=\"fusion-image-element \" style=\"--awb-caption-title-font-family:var(--h2_typography-font-family);--awb-caption-title-font-weight:var(--h2_typography-font-weight);--awb-caption-title-font-style:var(--h2_typography-font-style);--awb-caption-title-size:var(--h2_typography-font-size);--awb-caption-title-transform:var(--h2_typography-text-transform);--awb-caption-title-line-height:var(--h2_typography-line-height);--awb-caption-title-letter-spacing:var(--h2_typography-letter-spacing);\"><span class=\" fusion-imageframe imageframe-none imageframe-3 hover-type-none\"><img decoding=\"async\" width=\"600\" height=\"646\" title=\"garten\" src=\"https:\/\/www.lindenriek.de\/tagespflege\/wp-content\/uploads\/2023\/01\/garten-1.jpg\" alt class=\"img-responsive wp-image-1940\" srcset=\"https:\/\/www.lindenriek.de\/tagespflege\/wp-content\/uploads\/2023\/01\/garten-1-200x215.jpg 200w, https:\/\/www.lindenriek.de\/tagespflege\/wp-content\/uploads\/2023\/01\/garten-1-400x431.jpg 400w, https:\/\/www.lindenriek.de\/tagespflege\/wp-content\/uploads\/2023\/01\/garten-1.jpg 600w\" sizes=\"(max-width: 640px) 100vw, 600px\" \/><\/span><\/div><div class=\"fusion-image-element \" style=\"--awb-caption-title-font-family:var(--h2_typography-font-family);--awb-caption-title-font-weight:var(--h2_typography-font-weight);--awb-caption-title-font-style:var(--h2_typography-font-style);--awb-caption-title-size:var(--h2_typography-font-size);--awb-caption-title-transform:var(--h2_typography-text-transform);--awb-caption-title-line-height:var(--h2_typography-line-height);--awb-caption-title-letter-spacing:var(--h2_typography-letter-spacing);\"><span class=\" fusion-imageframe imageframe-none imageframe-4 hover-type-none\"><img decoding=\"async\" width=\"500\" height=\"354\" title=\"Tagespflege_fahrdienst_2\" src=\"https:\/\/www.lindenriek.de\/tagespflege\/wp-content\/uploads\/2024\/10\/Tagespflege_fahrdienst_2.jpg\" alt class=\"img-responsive wp-image-2406\" srcset=\"https:\/\/www.lindenriek.de\/tagespflege\/wp-content\/uploads\/2024\/10\/Tagespflege_fahrdienst_2-200x142.jpg 200w, https:\/\/www.lindenriek.de\/tagespflege\/wp-content\/uploads\/2024\/10\/Tagespflege_fahrdienst_2-400x283.jpg 400w, https:\/\/www.lindenriek.de\/tagespflege\/wp-content\/uploads\/2024\/10\/Tagespflege_fahrdienst_2.jpg 500w\" sizes=\"(max-width: 640px) 100vw, 500px\" \/><\/span><\/div><\/div><\/div><\/div><\/div><div class=\"fusion-fullwidth fullwidth-box fusion-builder-row-2 fusion-flex-container nonhundred-percent-fullwidth non-hundred-percent-height-scrolling\" style=\"--awb-border-radius-top-left:0px;--awb-border-radius-top-right:0px;--awb-border-radius-bottom-right:0px;--awb-border-radius-bottom-left:0px;--awb-padding-top:3%;--awb-padding-bottom:3%;--awb-background-color:#a1c854;--awb-flex-wrap:wrap;\" id=\"counter\" ><div class=\"fusion-builder-row fusion-row fusion-flex-align-items-flex-start fusion-flex-content-wrap\" style=\"max-width:calc( 1400px + 0px );margin-left: calc(-0px \/ 2 );margin-right: calc(-0px \/ 2 );\"><div class=\"fusion-layout-column fusion_builder_column fusion-builder-column-2 fusion_builder_column_1_1 1_1 fusion-flex-column\" style=\"--awb-bg-blend:overlay;--awb-bg-size:cover;--awb-width-large:100%;--awb-margin-top-large:0px;--awb-spacing-right-large:0px;--awb-margin-bottom-large:0px;--awb-spacing-left-large:0px;--awb-width-medium:100%;--awb-spacing-right-medium:0px;--awb-spacing-left-medium:0px;--awb-width-small:100%;--awb-spacing-right-small:0px;--awb-spacing-left-small:0px;\"><div class=\"fusion-column-wrapper fusion-flex-justify-content-flex-start fusion-content-layout-column\"><div class=\"fusion-counters-box counters-box row fusion-clearfix fusion-columns-4\" style=\"--awb-body-color:#ffffff;--awb-body-size:25;--awb-border-color:rgba(224,222,222,0);--awb-color:#ffffff;--awb-title-size:45;--awb-icon-size:45;--awb-border-color:rgba(224,222,222,0);\"><div class=\"fusion-counter-box fusion-column col-counter-box counter-box-wrapper col-lg-3 col-md-3 col-sm-3\" data-animationOffset=\"top-into-view\"><div class=\"counter-box-container\"><div class=\"content-box-percentage content-box-counter\"><i class=\"counter-box-icon fontawesome-icon fa-home fas\" aria-hidden=\"true\"><\/i><span class=\"display-counter\" data-value=\"1850\" data-direction=\"up\" data-decimals=\"0\">0<\/span><span class=\"unit\">m\u00b2<\/span><\/div><div class=\"counter-box-content\">Grundst\u00fcck<\/div><\/div><\/div><div class=\"fusion-counter-box fusion-column col-counter-box counter-box-wrapper col-lg-3 col-md-3 col-sm-3\" data-animationOffset=\"top-into-view\"><div class=\"counter-box-container\"><div class=\"content-box-percentage content-box-counter\"><i class=\"counter-box-icon fontawesome-icon fa-user fas\" aria-hidden=\"true\"><\/i><span class=\"display-counter\" data-value=\"480\" data-direction=\"up\" data-decimals=\"0\">0<\/span><span class=\"unit\">m\u00b2<\/span><\/div><div class=\"counter-box-content\">Tagespflege<\/div><\/div><\/div><div class=\"fusion-counter-box fusion-column col-counter-box counter-box-wrapper col-lg-3 col-md-3 col-sm-3\" data-animationOffset=\"top-into-view\"><div class=\"counter-box-container\"><div class=\"content-box-percentage content-box-counter\"><i class=\"counter-box-icon fontawesome-icon fa-bed fas\" aria-hidden=\"true\"><\/i><span class=\"display-counter\" data-value=\"25\" data-direction=\"up\" data-decimals=\"0\">0<\/span><\/div><div class=\"counter-box-content\">Pl\u00e4tze<\/div><\/div><\/div><div class=\"fusion-counter-box fusion-column col-counter-box counter-box-wrapper col-lg-3 col-md-3 col-sm-3\" data-animationOffset=\"top-into-view\"><div class=\"counter-box-container\"><div class=\"content-box-percentage content-box-counter\"><i class=\"counter-box-icon fontawesome-icon fa-users fas\" aria-hidden=\"true\"><\/i><span class=\"display-counter\" data-value=\"100\" data-direction=\"up\" data-decimals=\"0\">0<\/span><span class=\"unit\">%<\/span><\/div><div class=\"counter-box-content\">Wohlf\u00fchlen<\/div><\/div><\/div><\/div><\/div><\/div><\/div><\/div><\/p>\n","protected":false},"excerpt":{"rendered":"","protected":false},"author":2,"featured_media":0,"parent":0,"menu_order":-2,"comment_status":"closed","ping_status":"closed","template":"100-width.php","meta":{"_exactmetrics_skip_tracking":false,"_exactmetrics_sitenote_active":false,"_exactmetrics_sitenote_note":"","_exactmetrics_sitenote_category":0,"footnotes":""},"class_list":["post-6","page","type-page","status-publish","hentry"],"yoast_head":"<!-- This site is optimized with the Yoast SEO plugin v25.7 - https:\/\/yoast.com\/wordpress\/plugins\/seo\/ -->\n<title>Tagespflege Lindenriek Burgwedel \u2013 aktivierend &amp; liebevoll betreut<\/title>\n<meta name=\"description\" content=\"Unsere Tagespflege in Kleinburgwedel unterst\u00fctzt Menschen mit aktivierenden und sozialen Angeboten sowie Entlastung der Angeh\u00f6rigen.\" \/>\n<meta name=\"robots\" content=\"index, follow, max-snippet:-1, max-image-preview:large, max-video-preview:-1\" \/>\n<link rel=\"canonical\" href=\"https:\/\/www.lindenriek.de\/tagespflege\/\" \/>\n<meta property=\"og:locale\" content=\"de_DE\" \/>\n<meta property=\"og:type\" content=\"article\" \/>\n<meta property=\"og:title\" content=\"Tagespflege Lindenriek Burgwedel \u2013 aktivierend &amp; liebevoll betreut\" \/>\n<meta property=\"og:description\" content=\"Unsere Tagespflege in Kleinburgwedel unterst\u00fctzt Menschen mit aktivierenden und sozialen Angeboten sowie Entlastung der Angeh\u00f6rigen.\" \/>\n<meta property=\"og:url\" content=\"https:\/\/www.lindenriek.de\/tagespflege\/\" \/>\n<meta property=\"og:site_name\" content=\"Lindenriek Tagespflege\" \/>\n<meta property=\"article:publisher\" content=\"https:\/\/www.facebook.com\/lindenriek\" \/>\n<meta property=\"article:modified_time\" content=\"2025-08-18T12:57:09+00:00\" \/>\n<meta name=\"twitter:card\" content=\"summary_large_image\" \/>\n<meta name=\"twitter:label1\" content=\"Gesch\u00e4tzte Lesezeit\" \/>\n\t<meta name=\"twitter:data1\" content=\"3\u00a0Minuten\" \/>\n<script type=\"application\/ld+json\" class=\"yoast-schema-graph\">{\"@context\":\"https:\/\/schema.org\",\"@graph\":[{\"@type\":\"WebPage\",\"@id\":\"https:\/\/www.lindenriek.de\/tagespflege\/\",\"url\":\"https:\/\/www.lindenriek.de\/tagespflege\/\",\"name\":\"Tagespflege Lindenriek Burgwedel \u2013 aktivierend & liebevoll betreut\",\"isPartOf\":{\"@id\":\"https:\/\/www.lindenriek.de\/tagespflege\/#website\"},\"datePublished\":\"2017-09-15T11:56:41+00:00\",\"dateModified\":\"2025-08-18T12:57:09+00:00\",\"description\":\"Unsere Tagespflege in Kleinburgwedel unterst\u00fctzt Menschen mit aktivierenden und sozialen Angeboten sowie Entlastung der Angeh\u00f6rigen.\",\"breadcrumb\":{\"@id\":\"https:\/\/www.lindenriek.de\/tagespflege\/#breadcrumb\"},\"inLanguage\":\"de\",\"potentialAction\":[{\"@type\":\"ReadAction\",\"target\":[\"https:\/\/www.lindenriek.de\/tagespflege\/\"]}]},{\"@type\":\"BreadcrumbList\",\"@id\":\"https:\/\/www.lindenriek.de\/tagespflege\/#breadcrumb\",\"itemListElement\":[{\"@type\":\"ListItem\",\"position\":1,\"name\":\"Startseite\",\"item\":\"https:\/\/www.lindenriek.de\/tagespflege\/\"},{\"@type\":\"ListItem\",\"position\":2,\"name\":\"Startseite\"}]},{\"@type\":\"WebSite\",\"@id\":\"https:\/\/www.lindenriek.de\/tagespflege\/#website\",\"url\":\"https:\/\/www.lindenriek.de\/tagespflege\/\",\"name\":\"Lindenriek Tagespflege\",\"description\":\"Tagespflege Kleinburgwedel\",\"publisher\":{\"@id\":\"https:\/\/www.lindenriek.de\/tagespflege\/#organization\"},\"potentialAction\":[{\"@type\":\"SearchAction\",\"target\":{\"@type\":\"EntryPoint\",\"urlTemplate\":\"https:\/\/www.lindenriek.de\/tagespflege\/?s={search_term_string}\"},\"query-input\":{\"@type\":\"PropertyValueSpecification\",\"valueRequired\":true,\"valueName\":\"search_term_string\"}}],\"inLanguage\":\"de\"},{\"@type\":\"Organization\",\"@id\":\"https:\/\/www.lindenriek.de\/tagespflege\/#organization\",\"name\":\"Lindenriek Tagespflege\",\"url\":\"https:\/\/www.lindenriek.de\/tagespflege\/\",\"logo\":{\"@type\":\"ImageObject\",\"inLanguage\":\"de\",\"@id\":\"https:\/\/www.lindenriek.de\/tagespflege\/#\/schema\/logo\/image\/\",\"url\":\"https:\/\/www.lindenriek.de\/tagespflege\/wp-content\/uploads\/2024\/10\/Tagespflege_ankommen_2.jpg\",\"contentUrl\":\"https:\/\/www.lindenriek.de\/tagespflege\/wp-content\/uploads\/2024\/10\/Tagespflege_ankommen_2.jpg\",\"width\":500,\"height\":333,\"caption\":\"Lindenriek Tagespflege\"},\"image\":{\"@id\":\"https:\/\/www.lindenriek.de\/tagespflege\/#\/schema\/logo\/image\/\"},\"sameAs\":[\"https:\/\/www.facebook.com\/lindenriek\"]}]}<\/script>\n<!-- \/ Yoast SEO plugin. -->","yoast_head_json":{"title":"Tagespflege Lindenriek Burgwedel \u2013 aktivierend & liebevoll betreut","description":"Unsere Tagespflege in Kleinburgwedel unterst\u00fctzt Menschen mit aktivierenden und sozialen Angeboten sowie Entlastung der Angeh\u00f6rigen.","robots":{"index":"index","follow":"follow","max-snippet":"max-snippet:-1","max-image-preview":"max-image-preview:large","max-video-preview":"max-video-preview:-1"},"canonical":"https:\/\/www.lindenriek.de\/tagespflege\/","og_locale":"de_DE","og_type":"article","og_title":"Tagespflege Lindenriek Burgwedel \u2013 aktivierend & liebevoll betreut","og_description":"Unsere Tagespflege in Kleinburgwedel unterst\u00fctzt Menschen mit aktivierenden und sozialen Angeboten sowie Entlastung der Angeh\u00f6rigen.","og_url":"https:\/\/www.lindenriek.de\/tagespflege\/","og_site_name":"Lindenriek Tagespflege","article_publisher":"https:\/\/www.facebook.com\/lindenriek","article_modified_time":"2025-08-18T12:57:09+00:00","twitter_card":"summary_large_image","twitter_misc":{"Gesch\u00e4tzte Lesezeit":"3\u00a0Minuten"},"schema":{"@context":"https:\/\/schema.org","@graph":[{"@type":"WebPage","@id":"https:\/\/www.lindenriek.de\/tagespflege\/","url":"https:\/\/www.lindenriek.de\/tagespflege\/","name":"Tagespflege Lindenriek Burgwedel \u2013 aktivierend & liebevoll betreut","isPartOf":{"@id":"https:\/\/www.lindenriek.de\/tagespflege\/#website"},"datePublished":"2017-09-15T11:56:41+00:00","dateModified":"2025-08-18T12:57:09+00:00","description":"Unsere Tagespflege in Kleinburgwedel unterst\u00fctzt Menschen mit aktivierenden und sozialen Angeboten sowie Entlastung der Angeh\u00f6rigen.","breadcrumb":{"@id":"https:\/\/www.lindenriek.de\/tagespflege\/#breadcrumb"},"inLanguage":"de","potentialAction":[{"@type":"ReadAction","target":["https:\/\/www.lindenriek.de\/tagespflege\/"]}]},{"@type":"BreadcrumbList","@id":"https:\/\/www.lindenriek.de\/tagespflege\/#breadcrumb","itemListElement":[{"@type":"ListItem","position":1,"name":"Startseite","item":"https:\/\/www.lindenriek.de\/tagespflege\/"},{"@type":"ListItem","position":2,"name":"Startseite"}]},{"@type":"WebSite","@id":"https:\/\/www.lindenriek.de\/tagespflege\/#website","url":"https:\/\/www.lindenriek.de\/tagespflege\/","name":"Lindenriek Tagespflege","description":"Tagespflege Kleinburgwedel","publisher":{"@id":"https:\/\/www.lindenriek.de\/tagespflege\/#organization"},"potentialAction":[{"@type":"SearchAction","target":{"@type":"EntryPoint","urlTemplate":"https:\/\/www.lindenriek.de\/tagespflege\/?s={search_term_string}"},"query-input":{"@type":"PropertyValueSpecification","valueRequired":true,"valueName":"search_term_string"}}],"inLanguage":"de"},{"@type":"Organization","@id":"https:\/\/www.lindenriek.de\/tagespflege\/#organization","name":"Lindenriek Tagespflege","url":"https:\/\/www.lindenriek.de\/tagespflege\/","logo":{"@type":"ImageObject","inLanguage":"de","@id":"https:\/\/www.lindenriek.de\/tagespflege\/#\/schema\/logo\/image\/","url":"https:\/\/www.lindenriek.de\/tagespflege\/wp-content\/uploads\/2024\/10\/Tagespflege_ankommen_2.jpg","contentUrl":"https:\/\/www.lindenriek.de\/tagespflege\/wp-content\/uploads\/2024\/10\/Tagespflege_ankommen_2.jpg","width":500,"height":333,"caption":"Lindenriek Tagespflege"},"image":{"@id":"https:\/\/www.lindenriek.de\/tagespflege\/#\/schema\/logo\/image\/"},"sameAs":["https:\/\/www.facebook.com\/lindenriek"]}]}},"_links":{"self":[{"href":"https:\/\/www.lindenriek.de\/tagespflege\/wp-json\/wp\/v2\/pages\/6","targetHints":{"allow":["GET"]}}],"collection":[{"href":"https:\/\/www.lindenriek.de\/tagespflege\/wp-json\/wp\/v2\/pages"}],"about":[{"href":"https:\/\/www.lindenriek.de\/tagespflege\/wp-json\/wp\/v2\/types\/page"}],"author":[{"embeddable":true,"href":"https:\/\/www.lindenriek.de\/tagespflege\/wp-json\/wp\/v2\/users\/2"}],"replies":[{"embeddable":true,"href":"https:\/\/www.lindenriek.de\/tagespflege\/wp-json\/wp\/v2\/comments?post=6"}],"version-history":[{"count":98,"href":"https:\/\/www.lindenriek.de\/tagespflege\/wp-json\/wp\/v2\/pages\/6\/revisions"}],"predecessor-version":[{"id":2789,"href":"https:\/\/www.lindenriek.de\/tagespflege\/wp-json\/wp\/v2\/pages\/6\/revisions\/2789"}],"wp:attachment":[{"href":"https:\/\/www.lindenriek.de\/tagespflege\/wp-json\/wp\/v2\/media?parent=6"}],"curies":[{"name":"wp","href":"https:\/\/api.w.org\/{rel}","templated":true}]}}